{"id":4848,"date":"2025-07-28T07:44:46","date_gmt":"2025-07-28T05:44:46","guid":{"rendered":"https:\/\/gesellschaft-museum.de\/kultur\/?page_id=4848"},"modified":"2026-02-14T14:33:36","modified_gmt":"2026-02-14T13:33:36","slug":"blog","status":"publish","type":"page","link":"https:\/\/gesellschaft-museum.de\/kultur\/blog\/","title":{"rendered":"Blog"},"content":{"rendered":"\n<style type=\"text\/css\" data-created_by=\"avia_inline_auto\" id=\"style-css-av-2z43u-12d675fa828ac9580c0856bf477dc125\">\n.avia-section.av-2z43u-12d675fa828ac9580c0856bf477dc125 .av-parallax .av-parallax-inner{\nbackground-repeat:no-repeat;\nbackground-image:url(https:\/\/gesellschaft-museum.de\/kultur\/wp-content\/uploads\/sites\/4\/kultur-home-bg-featured.jpg);\nbackground-position:50% 50%;\nbackground-attachment:scroll;\n}\n.avia-section.av-2z43u-12d675fa828ac9580c0856bf477dc125 .av-section-color-overlay{\nopacity:0.5;\nbackground-color:#210f08;\n}\n<\/style>\n<div id='av_section_1'  class='avia-section av-2z43u-12d675fa828ac9580c0856bf477dc125 main_color avia-section-large avia-shadow  avia-builder-el-0  el_before_av_one_full  avia-builder-el-first  hero avia-full-stretch av-parallax-section avia-bg-style-parallax av-section-color-overlay-active av-minimum-height av-minimum-height-25  container_wrap sidebar_right'  data-section-bg-repeat='stretch' data-av_minimum_height_pc='25'><div class='av-parallax' data-avia-parallax-ratio='0.3' ><div class='av-parallax-inner main_color avia-full-stretch'><\/div><\/div><div class=\"av-section-color-overlay-wrap\"><div class=\"av-section-color-overlay\"><\/div><div class='container av-section-cont-open' ><main  role=\"main\" itemprop=\"mainContentOfPage\"  class='template-page content  av-content-small alpha units'><div class='post-entry post-entry-type-page post-entry-4848'><div class='entry-content-wrapper clearfix'>\n<div class='flex_column_table av-1v8ue-c23735de1c8f7135fe73d0f1cf005de1 sc-av_one_full av-equal-height-column-flextable'>\n<style type=\"text\/css\" data-created_by=\"avia_inline_auto\" id=\"style-css-av-1v8ue-c23735de1c8f7135fe73d0f1cf005de1\">\n.flex_column.av-1v8ue-c23735de1c8f7135fe73d0f1cf005de1{\nborder-radius:0px 0px 0px 0px;\n-webkit-border-radius:0px 0px 0px 0px;\n-moz-border-radius:0px 0px 0px 0px;\n}\n<\/style>\n<div class='flex_column av-1v8ue-c23735de1c8f7135fe73d0f1cf005de1 av_one_full  avia-builder-el-1  avia-builder-el-no-sibling  first no_margin flex_column_table_cell av-equal-height-column av-align-top av-zero-column-padding '   ><style type=\"text\/css\" data-created_by=\"avia_inline_auto\" id=\"style-css-av-kjr4bnle-2c80f703297d34e36e65325b4caa72b0\">\n#top .av-special-heading.av-kjr4bnle-2c80f703297d34e36e65325b4caa72b0{\npadding-bottom:10px;\ncolor:#fffbfa;\n}\nbody .av-special-heading.av-kjr4bnle-2c80f703297d34e36e65325b4caa72b0 .av-special-heading-tag .heading-char{\nfont-size:25px;\n}\n.av-special-heading.av-kjr4bnle-2c80f703297d34e36e65325b4caa72b0 .special-heading-inner-border{\nborder-color:#fffbfa;\n}\n.av-special-heading.av-kjr4bnle-2c80f703297d34e36e65325b4caa72b0 .av-subheading{\nfont-size:15px;\n}\n<\/style>\n<div  class='av-special-heading av-kjr4bnle-2c80f703297d34e36e65325b4caa72b0 av-special-heading-h2 custom-color-heading blockquote modern-quote  avia-builder-el-2  avia-builder-el-no-sibling '><div class='av_custom_color av-subheading av-subheading_above'><p>Konzerte, F\u00fchrungen und mehr<\/p>\n<\/div><h2 class='av-special-heading-tag'  itemprop=\"headline\"  >Blog &#8211; Kultur<\/h2><div class=\"special-heading-border\"><div class=\"special-heading-inner-border\"><\/div><\/div><\/div><\/div><\/div><!--close column table wrapper. Autoclose: 1 -->\n<\/div><\/div><\/main><!-- close content main element --><\/div><\/div><\/div><div id='after_section_1'  class='main_color av_default_container_wrap container_wrap sidebar_right'  ><div class='container av-section-cont-open' ><div class='template-page content  av-content-small alpha units'><div class='post-entry post-entry-type-page post-entry-4848'><div class='entry-content-wrapper clearfix'>\n\n<style type=\"text\/css\" data-created_by=\"avia_inline_auto\" id=\"style-css-av-12bsm-c0976883279ff7f9ef7dbb761c17c138\">\n.flex_column.av-12bsm-c0976883279ff7f9ef7dbb761c17c138{\nborder-radius:0px 0px 0px 0px;\n-webkit-border-radius:0px 0px 0px 0px;\n-moz-border-radius:0px 0px 0px 0px;\n}\n<\/style>\n<div class='flex_column av-12bsm-c0976883279ff7f9ef7dbb761c17c138 av_one_full  avia-builder-el-3  el_after_av_section  avia-builder-el-no-sibling  first flex_column_div av-zero-column-padding '   ><p><div   data-autoplay=''  data-interval='5'  data-animation='fade'  data-show_slide_delay='90'  class='avia-content-slider avia-content-grid-active avia-content-slider1 avia-content-slider-odd  avia-builder-el-4  el_before_av_blog  avia-builder-el-first  '  itemscope=\"itemscope\" itemtype=\"https:\/\/schema.org\/Blog\" ><div class='avia-content-slider-inner'><div class='slide-entry-wrap'><article class='slide-entry flex_column  post-entry post-entry-5133 slide-entry-overview slide-loop-1 slide-parity-odd  post-entry-last  av_fullwidth first real-thumbnail post-format-standard'  itemscope=\"itemscope\" itemtype=\"https:\/\/schema.org\/CreativeWork\" ><a href='https:\/\/gesellschaft-museum.de\/kultur\/smile-ein-musikalisches-laecheln-mit-violine-kontrabass-und-akkordeon\/' data-rel='slide-1' class='slide-image' title='SMILE \u2013 ein musikalisches L\u00e4cheln mit Violine, Kontrabass und Akkordeon'><img width=\"1030\" height=\"605\" src=\"https:\/\/gesellschaft-museum.de\/kultur\/wp-content\/uploads\/sites\/4\/2026-GMK-Konzert-Smile-2-1030x605.jpg\" class=\"wp-image-5153 avia-img-lazy-loading-not-5153 attachment-large size-large wp-post-image\" alt=\"2026 GMK Konzert Smile\" srcset=\"https:\/\/gesellschaft-museum.de\/kultur\/wp-content\/uploads\/sites\/4\/2026-GMK-Konzert-Smile-2-1030x605.jpg 1030w, https:\/\/gesellschaft-museum.de\/kultur\/wp-content\/uploads\/sites\/4\/2026-GMK-Konzert-Smile-2-300x176.jpg 300w, https:\/\/gesellschaft-museum.de\/kultur\/wp-content\/uploads\/sites\/4\/2026-GMK-Konzert-Smile-2-768x451.jpg 768w, https:\/\/gesellschaft-museum.de\/kultur\/wp-content\/uploads\/sites\/4\/2026-GMK-Konzert-Smile-2-1536x902.jpg 1536w, https:\/\/gesellschaft-museum.de\/kultur\/wp-content\/uploads\/sites\/4\/2026-GMK-Konzert-Smile-2-1500x880.jpg 1500w, https:\/\/gesellschaft-museum.de\/kultur\/wp-content\/uploads\/sites\/4\/2026-GMK-Konzert-Smile-2-705x414.jpg 705w, https:\/\/gesellschaft-museum.de\/kultur\/wp-content\/uploads\/sites\/4\/2026-GMK-Konzert-Smile-2.jpg 2012w\" sizes=\"(max-width: 1030px) 100vw, 1030px\" \/><\/a><div class='slide-content'><header class=\"entry-content-header\"><h3 class='slide-entry-title entry-title '  itemprop=\"headline\" ><a href='https:\/\/gesellschaft-museum.de\/kultur\/smile-ein-musikalisches-laecheln-mit-violine-kontrabass-und-akkordeon\/' title='SMILE \u2013 ein musikalisches L\u00e4cheln mit Violine, Kontrabass und Akkordeon'>SMILE \u2013 ein musikalisches L\u00e4cheln mit Violine, Kontrabass und Akkordeon<\/a><\/h3><span class=\"av-vertical-delimiter\"><\/span><\/header><\/div><footer class=\"entry-footer\"><\/footer><span class='hidden'>\n\t\t\t\t<span class='av-structured-data'  itemprop=\"image\" itemscope=\"itemscope\" itemtype=\"https:\/\/schema.org\/ImageObject\" >\n\t\t\t\t\t\t<span itemprop='url'>https:\/\/gesellschaft-museum.de\/kultur\/wp-content\/uploads\/sites\/4\/2026-GMK-Konzert-Smile-2.jpg<\/span>\n\t\t\t\t\t\t<span itemprop='height'>1181<\/span>\n\t\t\t\t\t\t<span itemprop='width'>2012<\/span>\n\t\t\t\t<\/span>\n\t\t\t\t<span class='av-structured-data'  itemprop=\"publisher\" itemtype=\"https:\/\/schema.org\/Organization\" itemscope=\"itemscope\" >\n\t\t\t\t\t\t<span itemprop='name'>akreibich<\/span>\n\t\t\t\t\t\t<span itemprop='logo' itemscope itemtype='https:\/\/schema.org\/ImageObject'>\n\t\t\t\t\t\t\t<span itemprop='url'>\/wp-content\/themes\/gm-kultur\/assets\/img\/logo-breit.svg<\/span>\n\t\t\t\t\t\t <\/span>\n\t\t\t\t<\/span><span class='av-structured-data'  itemprop=\"author\" itemscope=\"itemscope\" itemtype=\"https:\/\/schema.org\/Person\" ><span itemprop='name'>akreibich<\/span><\/span><span class='av-structured-data'  itemprop=\"datePublished\" datetime=\"2025-07-28T07:44:46+02:00\" >2026-04-09 20:26:36<\/span><span class='av-structured-data'  itemprop=\"dateModified\" itemtype=\"https:\/\/schema.org\/dateModified\" >2026-04-10 06:55:33<\/span><span class='av-structured-data'  itemprop=\"mainEntityOfPage\" itemtype=\"https:\/\/schema.org\/mainEntityOfPage\" ><span itemprop='name'>SMILE \u2013 ein musikalisches L\u00e4cheln mit Violine, Kontrabass und Akkordeon<\/span><\/span><\/span><\/article><\/div><\/div><\/div><br \/>\n<div  class='av-alb-blogposts template-blog  av-blog-meta-comments-disabled '  itemscope=\"itemscope\" itemtype=\"https:\/\/schema.org\/Blog\" ><article class=\"post-entry post-entry-type-standard post-entry-4988 post-loop-1 post-parity-odd single-small with-slider post-4988 post type-post status-publish format-standard has-post-thumbnail hentry category-rueckblicke tag-konzert tag-veranstaltung\"  itemscope=\"itemscope\" itemtype=\"https:\/\/schema.org\/BlogPosting\" ><div class=\"blog-meta\"><a href='https:\/\/gesellschaft-museum.de\/kultur\/neujahrsauftakt-mit-wulli-sonja-gottfried\/' class='small-preview'  title=\"Neujahrsauftakt mit Wulli &#038; Sonja &#038; Gottfried\"   itemprop=\"image\" itemscope=\"itemscope\" itemtype=\"https:\/\/schema.org\/ImageObject\" ><img width=\"180\" height=\"180\" src=\"https:\/\/gesellschaft-museum.de\/kultur\/wp-content\/uploads\/sites\/4\/2026-GMK-Neujahrskonzert-180x180.jpg\" class=\"wp-image-5046 avia-img-lazy-loading-not-5046 attachment-square size-square wp-post-image\" alt=\"2026 GMK Neujahrskonzert\" srcset=\"https:\/\/gesellschaft-museum.de\/kultur\/wp-content\/uploads\/sites\/4\/2026-GMK-Neujahrskonzert-180x180.jpg 180w, https:\/\/gesellschaft-museum.de\/kultur\/wp-content\/uploads\/sites\/4\/2026-GMK-Neujahrskonzert-80x80.jpg 80w, https:\/\/gesellschaft-museum.de\/kultur\/wp-content\/uploads\/sites\/4\/2026-GMK-Neujahrskonzert-36x36.jpg 36w\" sizes=\"(max-width: 180px) 100vw, 180px\" \/><span class=\"iconfont\" aria-hidden='true' data-av_icon='\ue836' data-av_iconfont='entypo-fontello'><\/span><\/a><\/div><div class='entry-content-wrapper clearfix standard-content'><header class=\"entry-content-header\"><h2 class='post-title entry-title '  itemprop=\"headline\" ><a href=\"https:\/\/gesellschaft-museum.de\/kultur\/neujahrsauftakt-mit-wulli-sonja-gottfried\/\" rel=\"bookmark\" title=\"Permanenter Link zu: Neujahrsauftakt mit Wulli &#038; Sonja &#038; Gottfried\">Neujahrsauftakt mit Wulli &#038; Sonja &#038; Gottfried<span class=\"post-format-icon minor-meta\"><\/span><\/a><\/h2><span class=\"post-meta-infos\"><time class=\"date-container minor-meta updated\"  itemprop=\"datePublished\" datetime=\"2026-02-21T13:33:57+01:00\" >21. Februar 2026<\/time><span class=\"text-sep\">\/<\/span><span class=\"blog-categories minor-meta\">in <a href=\"https:\/\/gesellschaft-museum.de\/kultur\/kategorie\/rueckblicke\/\" rel=\"tag\">R\u00fcckblicke<\/a><\/span><span class=\"text-sep\">\/<\/span><span class=\"blog-author minor-meta\">von <span class=\"entry-author-link\"  itemprop=\"author\" ><span class=\"author\"><span class=\"fn\"><a href=\"https:\/\/gesellschaft-museum.de\/kultur\/author\/akreibich\/\" title=\"Beitr\u00e4ge von akreibich\" rel=\"author\">akreibich<\/a><\/span><\/span><\/span><\/span><\/span><\/header><div class=\"entry-content\"  itemprop=\"text\" ><p>Das neue Jahr 2026 ist noch frisch, als die Campevilla ihre Tore \u00f6ffnet f\u00fcr den allj\u00e4hrlichen Neujahrsempfang. Mit dem Stichwort \u201eHumor\u201c wird nun das musikalische Trio auf die B\u00fchne geholt, dass eigentlich ein Duo ist, bestehend aus Thomas Wullschl\u00e4ger &#038; Sonja Tonn, die f\u00fcr den heutigen Abend noch den Geiger Gottfried Rimmele dazugewonnen haben, weil es zu dritt einfach sch\u00f6ner ist zu musizieren. <\/p>\n<div class=\"read-more-link\"><a href=\"https:\/\/gesellschaft-museum.de\/kultur\/neujahrsauftakt-mit-wulli-sonja-gottfried\/\" class=\"more-link\">Weiterlesen<span class=\"more-link-arrow\"><\/span><\/a><\/div>\n<\/div><footer class=\"entry-footer\"><\/footer><div class='post_delimiter'><\/div><\/div><div class=\"post_author_timeline\"><\/div><span class='hidden'>\n\t\t\t\t<span class='av-structured-data'  itemprop=\"image\" itemscope=\"itemscope\" itemtype=\"https:\/\/schema.org\/ImageObject\" >\n\t\t\t\t\t\t<span itemprop='url'>https:\/\/gesellschaft-museum.de\/kultur\/wp-content\/uploads\/sites\/4\/2026-GMK-Neujahrskonzert.jpg<\/span>\n\t\t\t\t\t\t<span itemprop='height'>730<\/span>\n\t\t\t\t\t\t<span itemprop='width'>1920<\/span>\n\t\t\t\t<\/span>\n\t\t\t\t<span class='av-structured-data'  itemprop=\"publisher\" itemtype=\"https:\/\/schema.org\/Organization\" itemscope=\"itemscope\" >\n\t\t\t\t\t\t<span itemprop='name'>akreibich<\/span>\n\t\t\t\t\t\t<span itemprop='logo' itemscope itemtype='https:\/\/schema.org\/ImageObject'>\n\t\t\t\t\t\t\t<span itemprop='url'>\/wp-content\/themes\/gm-kultur\/assets\/img\/logo-breit.svg<\/span>\n\t\t\t\t\t\t <\/span>\n\t\t\t\t<\/span><span class='av-structured-data'  itemprop=\"author\" itemscope=\"itemscope\" itemtype=\"https:\/\/schema.org\/Person\" ><span itemprop='name'>akreibich<\/span><\/span><span class='av-structured-data'  itemprop=\"datePublished\" datetime=\"2026-02-21T13:33:57+01:00\" >2026-02-21 13:33:57<\/span><span class='av-structured-data'  itemprop=\"dateModified\" itemtype=\"https:\/\/schema.org\/dateModified\" >2026-02-22 13:18:59<\/span><span class='av-structured-data'  itemprop=\"mainEntityOfPage\" itemtype=\"https:\/\/schema.org\/mainEntityOfPage\" ><span itemprop='name'>Neujahrsauftakt mit Wulli &#038; Sonja &#038; Gottfried<\/span><\/span><\/span><\/article><article class=\"post-entry post-entry-type-standard post-entry-4934 post-loop-2 post-parity-even single-small with-slider post-4934 post type-post status-publish format-standard has-post-thumbnail hentry category-rueckblicke tag-lesung tag-veranstaltung\"  itemscope=\"itemscope\" itemtype=\"https:\/\/schema.org\/BlogPosting\" ><div class=\"blog-meta\"><a href='https:\/\/gesellschaft-museum.de\/kultur\/musikalische-lesung-35-jahre-deutsche-einheit\/' class='small-preview'  title=\"Musikalische Lesung \u2013 35 Jahre Deutsche Einheit\"   itemprop=\"image\" itemscope=\"itemscope\" itemtype=\"https:\/\/schema.org\/ImageObject\" ><img width=\"180\" height=\"180\" src=\"https:\/\/gesellschaft-museum.de\/kultur\/wp-content\/uploads\/sites\/4\/GMK-20251019-Musikalische-Lesung-Rueckblick-180x180.jpg\" class=\"wp-image-4942 avia-img-lazy-loading-not-4942 attachment-square size-square wp-post-image\" alt=\"GMK 20251019 Musikalische Lesung - R\u00fcckblick\" srcset=\"https:\/\/gesellschaft-museum.de\/kultur\/wp-content\/uploads\/sites\/4\/GMK-20251019-Musikalische-Lesung-Rueckblick-180x180.jpg 180w, https:\/\/gesellschaft-museum.de\/kultur\/wp-content\/uploads\/sites\/4\/GMK-20251019-Musikalische-Lesung-Rueckblick-80x80.jpg 80w, https:\/\/gesellschaft-museum.de\/kultur\/wp-content\/uploads\/sites\/4\/GMK-20251019-Musikalische-Lesung-Rueckblick-36x36.jpg 36w\" sizes=\"(max-width: 180px) 100vw, 180px\" \/><span class=\"iconfont\" aria-hidden='true' data-av_icon='\ue836' data-av_iconfont='entypo-fontello'><\/span><\/a><\/div><div class='entry-content-wrapper clearfix standard-content'><header class=\"entry-content-header\"><h2 class='post-title entry-title '  itemprop=\"headline\" ><a href=\"https:\/\/gesellschaft-museum.de\/kultur\/musikalische-lesung-35-jahre-deutsche-einheit\/\" rel=\"bookmark\" title=\"Permanenter Link zu: Musikalische Lesung \u2013 35 Jahre Deutsche Einheit\">Musikalische Lesung \u2013 35 Jahre Deutsche Einheit<span class=\"post-format-icon minor-meta\"><\/span><\/a><\/h2><span class=\"post-meta-infos\"><time class=\"date-container minor-meta updated\"  itemprop=\"datePublished\" datetime=\"2026-01-19T15:03:20+01:00\" >19. Januar 2026<\/time><span class=\"text-sep\">\/<\/span><span class=\"blog-categories minor-meta\">in <a href=\"https:\/\/gesellschaft-museum.de\/kultur\/kategorie\/rueckblicke\/\" rel=\"tag\">R\u00fcckblicke<\/a><\/span><span class=\"text-sep\">\/<\/span><span class=\"blog-author minor-meta\">von <span class=\"entry-author-link\"  itemprop=\"author\" ><span class=\"author\"><span class=\"fn\"><a href=\"https:\/\/gesellschaft-museum.de\/kultur\/author\/akreibich\/\" title=\"Beitr\u00e4ge von akreibich\" rel=\"author\">akreibich<\/a><\/span><\/span><\/span><\/span><\/span><\/header><div class=\"entry-content\"  itemprop=\"text\" ><p>Am 19. Oktober 2025 lud die Kulturabteilung der Gesellschaft Museum zu einem besonderen Abend anl\u00e4sslich 35 Jahre Deutsche Einheit in ihr Gesellschaftshaus ein. Im Mittelpunkt des Abends stand die Lesung des Deb\u00fctromans ROTSTRICK der Autorin Astrid Kreibich (N\u00fcrnberg) sowie die musikalische Begleitung durch den Bassklarinettisten Matthias Badczong (Berlin). Umrahmt wurde diese literarisch-musische Premiere von der Moderation des K\u00fcnstlers Marius Schreyer (N\u00fcrnberg).<\/p>\n<div class=\"read-more-link\"><a href=\"https:\/\/gesellschaft-museum.de\/kultur\/musikalische-lesung-35-jahre-deutsche-einheit\/\" class=\"more-link\">Weiterlesen<span class=\"more-link-arrow\"><\/span><\/a><\/div>\n<\/div><footer class=\"entry-footer\"><\/footer><div class='post_delimiter'><\/div><\/div><div class=\"post_author_timeline\"><\/div><span class='hidden'>\n\t\t\t\t<span class='av-structured-data'  itemprop=\"image\" itemscope=\"itemscope\" itemtype=\"https:\/\/schema.org\/ImageObject\" >\n\t\t\t\t\t\t<span itemprop='url'>https:\/\/gesellschaft-museum.de\/kultur\/wp-content\/uploads\/sites\/4\/GMK-20251019-Musikalische-Lesung-Rueckblick.jpg<\/span>\n\t\t\t\t\t\t<span itemprop='height'>321<\/span>\n\t\t\t\t\t\t<span itemprop='width'>845<\/span>\n\t\t\t\t<\/span>\n\t\t\t\t<span class='av-structured-data'  itemprop=\"publisher\" itemtype=\"https:\/\/schema.org\/Organization\" itemscope=\"itemscope\" >\n\t\t\t\t\t\t<span itemprop='name'>akreibich<\/span>\n\t\t\t\t\t\t<span itemprop='logo' itemscope itemtype='https:\/\/schema.org\/ImageObject'>\n\t\t\t\t\t\t\t<span itemprop='url'>\/wp-content\/themes\/gm-kultur\/assets\/img\/logo-breit.svg<\/span>\n\t\t\t\t\t\t <\/span>\n\t\t\t\t<\/span><span class='av-structured-data'  itemprop=\"author\" itemscope=\"itemscope\" itemtype=\"https:\/\/schema.org\/Person\" ><span itemprop='name'>akreibich<\/span><\/span><span class='av-structured-data'  itemprop=\"datePublished\" datetime=\"2026-01-19T15:03:20+01:00\" >2026-01-19 15:03:20<\/span><span class='av-structured-data'  itemprop=\"dateModified\" itemtype=\"https:\/\/schema.org\/dateModified\" >2026-01-19 15:32:25<\/span><span class='av-structured-data'  itemprop=\"mainEntityOfPage\" itemtype=\"https:\/\/schema.org\/mainEntityOfPage\" ><span itemprop='name'>Musikalische Lesung \u2013 35 Jahre Deutsche Einheit<\/span><\/span><\/span><\/article><article class=\"post-entry post-entry-type-standard post-entry-4820 post-loop-3 post-parity-odd post-entry-last single-small with-slider post-4820 post type-post status-publish format-standard has-post-thumbnail hentry category-rueckblicke tag-konzert tag-veranstaltung\"  itemscope=\"itemscope\" itemtype=\"https:\/\/schema.org\/BlogPosting\" ><div class=\"blog-meta\"><a href='https:\/\/gesellschaft-museum.de\/kultur\/konzertabend-du-hast-den-farbfilm-vergessen\/' class='small-preview'  title=\"Konzertabend &#8222;Du hast den Farbfilm vergessen&#8220;\"   itemprop=\"image\" itemscope=\"itemscope\" itemtype=\"https:\/\/schema.org\/ImageObject\" ><img width=\"180\" height=\"180\" src=\"https:\/\/gesellschaft-museum.de\/kultur\/wp-content\/uploads\/sites\/4\/GMK-20250625-Konzert-Farbfilm-180x180.jpg\" class=\"wp-image-4791 avia-img-lazy-loading-not-4791 attachment-square size-square wp-post-image\" alt=\"GMK 20250625 Konzert Farbfilm\" srcset=\"https:\/\/gesellschaft-museum.de\/kultur\/wp-content\/uploads\/sites\/4\/GMK-20250625-Konzert-Farbfilm-180x180.jpg 180w, https:\/\/gesellschaft-museum.de\/kultur\/wp-content\/uploads\/sites\/4\/GMK-20250625-Konzert-Farbfilm-80x80.jpg 80w, https:\/\/gesellschaft-museum.de\/kultur\/wp-content\/uploads\/sites\/4\/GMK-20250625-Konzert-Farbfilm-36x36.jpg 36w\" sizes=\"(max-width: 180px) 100vw, 180px\" \/><span class=\"iconfont\" aria-hidden='true' data-av_icon='\ue836' data-av_iconfont='entypo-fontello'><\/span><\/a><\/div><div class='entry-content-wrapper clearfix standard-content'><header class=\"entry-content-header\"><h2 class='post-title entry-title '  itemprop=\"headline\" ><a href=\"https:\/\/gesellschaft-museum.de\/kultur\/konzertabend-du-hast-den-farbfilm-vergessen\/\" rel=\"bookmark\" title=\"Permanenter Link zu: Konzertabend &#8222;Du hast den Farbfilm vergessen&#8220;\">Konzertabend &#8222;Du hast den Farbfilm vergessen&#8220;<span class=\"post-format-icon minor-meta\"><\/span><\/a><\/h2><span class=\"post-meta-infos\"><time class=\"date-container minor-meta updated\"  itemprop=\"datePublished\" datetime=\"2025-07-27T18:08:14+02:00\" >27. Juli 2025<\/time><span class=\"text-sep\">\/<\/span><span class=\"blog-categories minor-meta\">in <a href=\"https:\/\/gesellschaft-museum.de\/kultur\/kategorie\/rueckblicke\/\" rel=\"tag\">R\u00fcckblicke<\/a><\/span><span class=\"text-sep\">\/<\/span><span class=\"blog-author minor-meta\">von <span class=\"entry-author-link\"  itemprop=\"author\" ><span class=\"author\"><span class=\"fn\"><a href=\"https:\/\/gesellschaft-museum.de\/kultur\/author\/akreibich\/\" title=\"Beitr\u00e4ge von akreibich\" rel=\"author\">akreibich<\/a><\/span><\/span><\/span><\/span><\/span><\/header><div class=\"entry-content\"  itemprop=\"text\" ><p>An einem hei\u00dfen Mittwoch im Juni weckte die S\u00e4ngerin und Schauspielerin Alexandra V\u00f6lkl in Begleitung des Allroundk\u00fcnstlers und Pianisten Budde Thiem unsere Reiselust \u2013 in ihrem Reisekoffer f\u00fchrten beide K\u00fcnstler Chansons, Gedichte und Berichte rund um die sch\u00f6nste Freizeitbesch\u00e4ftigung, das Reisen, mit sich.<\/p>\n<div class=\"read-more-link\"><a href=\"https:\/\/gesellschaft-museum.de\/kultur\/konzertabend-du-hast-den-farbfilm-vergessen\/\" class=\"more-link\">Weiterlesen<span class=\"more-link-arrow\"><\/span><\/a><\/div>\n<\/div><footer class=\"entry-footer\"><\/footer><div class='post_delimiter'><\/div><\/div><div class=\"post_author_timeline\"><\/div><span class='hidden'>\n\t\t\t\t<span class='av-structured-data'  itemprop=\"image\" itemscope=\"itemscope\" itemtype=\"https:\/\/schema.org\/ImageObject\" >\n\t\t\t\t\t\t<span itemprop='url'>https:\/\/gesellschaft-museum.de\/kultur\/wp-content\/uploads\/sites\/4\/GMK-20250625-Konzert-Farbfilm.jpg<\/span>\n\t\t\t\t\t\t<span itemprop='height'>321<\/span>\n\t\t\t\t\t\t<span itemprop='width'>845<\/span>\n\t\t\t\t<\/span>\n\t\t\t\t<span class='av-structured-data'  itemprop=\"publisher\" itemtype=\"https:\/\/schema.org\/Organization\" itemscope=\"itemscope\" >\n\t\t\t\t\t\t<span itemprop='name'>akreibich<\/span>\n\t\t\t\t\t\t<span itemprop='logo' itemscope itemtype='https:\/\/schema.org\/ImageObject'>\n\t\t\t\t\t\t\t<span itemprop='url'>\/wp-content\/themes\/gm-kultur\/assets\/img\/logo-breit.svg<\/span>\n\t\t\t\t\t\t <\/span>\n\t\t\t\t<\/span><span class='av-structured-data'  itemprop=\"author\" itemscope=\"itemscope\" itemtype=\"https:\/\/schema.org\/Person\" ><span itemprop='name'>akreibich<\/span><\/span><span class='av-structured-data'  itemprop=\"datePublished\" datetime=\"2025-07-27T18:08:14+02:00\" >2025-07-27 18:08:14<\/span><span class='av-structured-data'  itemprop=\"dateModified\" itemtype=\"https:\/\/schema.org\/dateModified\" >2025-08-05 18:21:58<\/span><span class='av-structured-data'  itemprop=\"mainEntityOfPage\" itemtype=\"https:\/\/schema.org\/mainEntityOfPage\" ><span itemprop='name'>Konzertabend &#8222;Du hast den Farbfilm vergessen&#8220;<\/span><\/span><\/span><\/article><div class='single-small'><\/div><\/div><\/p><\/div>\n","protected":false},"excerpt":{"rendered":"","protected":false},"author":12,"featured_media":0,"parent":0,"menu_order":3,"comment_status":"closed","ping_status":"closed","template":"","meta":{"inline_featured_image":false},"_links":{"self":[{"href":"https:\/\/gesellschaft-museum.de\/kultur\/wp-json\/wp\/v2\/pages\/4848"}],"collection":[{"href":"https:\/\/gesellschaft-museum.de\/kultur\/wp-json\/wp\/v2\/pages"}],"about":[{"href":"https:\/\/gesellschaft-museum.de\/kultur\/wp-json\/wp\/v2\/types\/page"}],"author":[{"embeddable":true,"href":"https:\/\/gesellschaft-museum.de\/kultur\/wp-json\/wp\/v2\/users\/12"}],"replies":[{"embeddable":true,"href":"https:\/\/gesellschaft-museum.de\/kultur\/wp-json\/wp\/v2\/comments?post=4848"}],"version-history":[{"count":5,"href":"https:\/\/gesellschaft-museum.de\/kultur\/wp-json\/wp\/v2\/pages\/4848\/revisions"}],"predecessor-version":[{"id":4960,"href":"https:\/\/gesellschaft-museum.de\/kultur\/wp-json\/wp\/v2\/pages\/4848\/revisions\/4960"}],"wp:attachment":[{"href":"https:\/\/gesellschaft-museum.de\/kultur\/wp-json\/wp\/v2\/media?parent=4848"}],"curies":[{"name":"wp","href":"https:\/\/api.w.org\/{rel}","templated":true}]}}